{"id":29803,"date":"2020-06-30T11:36:15","date_gmt":"2020-06-30T09:36:15","guid":{"rendered":"https:\/\/www.laregionedascoprire.ch\/musee-des-fossiles\/"},"modified":"2020-07-02T14:12:53","modified_gmt":"2020-07-02T12:12:53","slug":"musee-des-fossiles","status":"publish","type":"page","link":"https:\/\/www.laregionedascoprire.ch\/fr\/musee-des-fossiles\/","title":{"rendered":"mus\u00e9e des fossiles"},"content":{"rendered":"<div class=\"wpb-content-wrapper\"><p>[vc_row dfd_row_config=\u00a0\u00bbfull_width_content\u00a0\u00bb css=\u00a0\u00bb.vc_custom_1591338633088{background-image: url(https:\/\/laregionedascoprire.ch\/wp-content\/uploads\/2020\/06\/laregionedascoprire_fossili_principale.jpg?id=28943) !important;background-position: center !important;background-repeat: no-repeat !important;background-size: cover !important;}\u00a0\u00bb][vc_column][dfd_spacer screen_wide_spacer_size=\u00a0\u00bb400&Prime; screen_normal_resolution=\u00a0\u00bb1200&Prime; screen_tablet_resolution=\u00a0\u00bb800&Prime; screen_mobile_resolution=\u00a0\u00bb480&Prime; screen_normal_spacer_size=\u00a0\u00bb200&Prime; screen_tablet_spacer_size=\u00a0\u00bb250&Prime; screen_mobile_spacer_size=\u00a0\u00bb120&Prime;][dfd_videoplayer title=\u00a0\u00bb\u00a0\u00bb subtitle=\u00a0\u00bb\u00a0\u00bb video_link=\u00a0\u00bbhttps:\/\/vimeo.com\/258787150&Prime; main_border=\u00a0\u00bbborder_style:solid|border_width:3|border_radius:60|border_color:%23ffffff\u00a0\u00bb main_border_hover=\u00a0\u00bbborder_style:solid|border_width:3|border_radius:60|border_color:%23ffffff\u00a0\u00bb main_style=\u00a0\u00bbstyle-2&Prime; main_background=\u00a0\u00bbrgba(255,255,255,0.01)\u00a0\u00bb main_background_hover=\u00a0\u00bbrgba(255,255,255,0.01)\u00a0\u00bb icon_color=\u00a0\u00bb#ffffff\u00a0\u00bb icon_hover_color=\u00a0\u00bb#ffffff\u00a0\u00bb icon_background=\u00a0\u00bbrgba(255,255,255,0.01)\u00a0\u00bb icon_hover_background=\u00a0\u00bbrgba(255,255,255,0.01)\u00a0\u00bb icon_bg_size=\u00a0\u00bb120&Prime; icon_font_size=\u00a0\u00bb70&Prime;][dfd_spacer screen_wide_spacer_size=\u00a0\u00bb400&Prime; screen_normal_resolution=\u00a0\u00bb1200&Prime; screen_tablet_resolution=\u00a0\u00bb800&Prime; screen_mobile_resolution=\u00a0\u00bb480&Prime; screen_normal_spacer_size=\u00a0\u00bb200&Prime; screen_tablet_spacer_size=\u00a0\u00bb250&Prime; screen_mobile_spacer_size=\u00a0\u00bb120&Prime;][\/vc_column][\/vc_row][vc_row][vc_column][dfd_spacer screen_wide_spacer_size=\u00a0\u00bb150&Prime; screen_normal_resolution=\u00a0\u00bb1200&Prime; screen_tablet_resolution=\u00a0\u00bb800&Prime; screen_mobile_resolution=\u00a0\u00bb480&Prime; screen_normal_spacer_size=\u00a0\u00bb100&Prime; screen_tablet_spacer_size=\u00a0\u00bb100&Prime; screen_mobile_spacer_size=\u00a0\u00bb80&Prime;][\/vc_column][\/vc_row][vc_row dfd_row_config=\u00a0\u00bbfull_width_content\u00a0\u00bb][vc_column width=\u00a0\u00bb1\/12&Prime;][\/vc_column][vc_column width=\u00a0\u00bb6\/12&Prime; dfd_column_responsive_enable=\u00a0\u00bbdfd-column-responsive-enable\u00a0\u00bb col_shadow=\u00a0\u00bbbox_shadow_enable:disable|shadow_horizontal:0|shadow_vertical:15|shadow_blur:50|shadow_spread:0|box_shadow_color:rgba(0%2C0%2C0%2C0.35)\u00a0\u00bb col_shadow_hover=\u00a0\u00bbbox_shadow_enable:disable|shadow_horizontal:0|shadow_vertical:15|shadow_blur:50|shadow_spread:0|box_shadow_color:rgba(0%2C0%2C0%2C0.35)\u00a0\u00bb responsive_styles=\u00a0\u00bbpadding_left_desktop:0|padding_left_tablet:0|padding_left_mobile:30|padding_right_mobile:30&Prime; el_class=\u00a0\u00bbtesto-descrizione\u00a0\u00bb css=\u00a0\u00bb.vc_custom_1591340648159{padding-left: 160px !important;}\u00a0\u00bb][vc_column_text css=\u00a0\u00bb.vc_custom_1591342583881{padding-bottom: 20px !important;}\u00a0\u00bb el_class=\u00a0\u00bbtitolo-uno\u00a0\u00bb]<\/p>\n<h1 class=\"p1\">Mus\u00e9e des fossiles<\/h1>\n<p>[\/vc_column_text][vc_column_text]<\/p>\n<p class=\"p1\">Selon une l\u00e9gende, l&rsquo;\u00eele de l&rsquo;Atlantide aurait coul\u00e9 dans la mer alors qu&rsquo;au contraire, des \u00e9tudes de pal\u00e9ontologie et de g\u00e9ologie indiquent que le Monte San Giorgio, une splendide pyramide verte \u00e0 cheval sur la fronti\u00e8re italo-suisse et plus pr\u00e9cis\u00e9ment entre le Mendrisiotto et le Varesotto, a \u00e9merg\u00e9 des eaux de cette lagune dans la mer de la T\u00e9thys. Un lieu qui raconte l&rsquo;histoire d&rsquo;une mer dont les souvenirs nous sont transmis par les fossiles retrouv\u00e9s et maintenant expos\u00e9s au mus\u00e9e des fossiles du Monte San Giorgio \u00e0 Meride. Un tr\u00e9sor qui a \u00e9t\u00e9 inclus dans la liste des sites du patrimoine mondial par l&rsquo;UNESCO, l&rsquo;organisation mondiale qui, entre autres choses, attache de la valeur aux choses les plus importantes et les plus uniques qui existent sur notre plan\u00e8te.<\/p>\n<p>[\/vc_column_text][\/vc_column][vc_column width=\u00a0\u00bb1\/12&Prime;][\/vc_column][vc_column width=\u00a0\u00bb4\/12&Prime; dfd_column_responsive_enable=\u00a0\u00bbdfd-column-responsive-enable\u00a0\u00bb css=\u00a0\u00bb.vc_custom_1591340034224{padding-right: 100px !important;}\u00a0\u00bb col_shadow=\u00a0\u00bbbox_shadow_enable:disable|shadow_horizontal:0|shadow_vertical:15|shadow_blur:50|shadow_spread:0|box_shadow_color:rgba(0%2C0%2C0%2C0.35)\u00a0\u00bb col_shadow_hover=\u00a0\u00bbbox_shadow_enable:disable|shadow_horizontal:0|shadow_vertical:15|shadow_blur:50|shadow_spread:0|box_shadow_color:rgba(0%2C0%2C0%2C0.35)\u00a0\u00bb responsive_styles=\u00a0\u00bbpadding_right_desktop:30|padding_right_tablet:30|padding_left_mobile:120|padding_right_mobile:30&Prime;][dfd_spacer screen_wide_spacer_size=\u00a0\u00bb200&Prime; screen_normal_resolution=\u00a0\u00bb1024&Prime; screen_tablet_resolution=\u00a0\u00bb800&Prime; screen_mobile_resolution=\u00a0\u00bb480&Prime; screen_normal_spacer_size=\u00a0\u00bb200&Prime; screen_tablet_spacer_size=\u00a0\u00bb60&Prime; screen_mobile_spacer_size=\u00a0\u00bb40&Prime;][dfd_single_image enable_retina=\u00a0\u00bb\u00a0\u00bb image_alignment=\u00a0\u00bbimage-left\u00a0\u00bb image=\u00a0\u00bb28955&Prime; el_class=\u00a0\u00bbfoto-rotonda\u00a0\u00bb][\/vc_column][\/vc_row][vc_row][vc_column][dfd_spacer screen_wide_spacer_size=\u00a0\u00bb200&Prime; screen_normal_resolution=\u00a0\u00bb1024&Prime; screen_tablet_resolution=\u00a0\u00bb800&Prime; screen_mobile_resolution=\u00a0\u00bb480&Prime; screen_normal_spacer_size=\u00a0\u00bb150&Prime; screen_tablet_spacer_size=\u00a0\u00bb100&Prime; screen_mobile_spacer_size=\u00a0\u00bb100&Prime;][\/vc_column][\/vc_row][vc_row force_equal_height_columns=\u00a0\u00bbmain_row\u00a0\u00bb bg_check=\u00a0\u00bbrow-background-dark\u00a0\u00bb][vc_column width=\u00a0\u00bb2\/3&Prime; css=\u00a0\u00bb.vc_custom_1591343568750{background-image: url(https:\/\/laregionedascoprire.ch\/wp-content\/uploads\/2020\/06\/laregionedascoprire_monte_san_giorgio.jpg?id=29007) !important;background-position: center !important;background-repeat: no-repeat !important;background-size: cover !important;}\u00a0\u00bb col_shadow=\u00a0\u00bbbox_shadow_enable:disable|shadow_horizontal:0|shadow_vertical:15|shadow_blur:50|shadow_spread:0|box_shadow_color:rgba(0%2C0%2C0%2C0.35)\u00a0\u00bb col_shadow_hover=\u00a0\u00bbbox_shadow_enable:disable|shadow_horizontal:0|shadow_vertical:15|shadow_blur:50|shadow_spread:0|box_shadow_color:rgba(0%2C0%2C0%2C0.35)\u00a0\u00bb][dfd_spacer screen_wide_spacer_size=\u00a0\u00bb200&Prime; screen_normal_resolution=\u00a0\u00bb1024&Prime; screen_tablet_resolution=\u00a0\u00bb800&Prime; screen_mobile_resolution=\u00a0\u00bb480&Prime; screen_normal_spacer_size=\u00a0\u00bb200&Prime; screen_tablet_spacer_size=\u00a0\u00bb150&Prime; screen_mobile_spacer_size=\u00a0\u00bb60&Prime;][dfd_videoplayer title=\u00a0\u00bb\u00a0\u00bb subtitle=\u00a0\u00bb\u00a0\u00bb video_link=\u00a0\u00bbhttps:\/\/vimeo.com\/277051074&Prime; main_border=\u00a0\u00bbborder_style:solid|border_width:3|border_radius:60|border_color:%23ffffff\u00a0\u00bb main_border_hover=\u00a0\u00bbborder_style:solid|border_width:3|border_radius:60|border_color:%23ffffff\u00a0\u00bb main_style=\u00a0\u00bbstyle-2&Prime; main_background=\u00a0\u00bbrgba(255,255,255,0.01)\u00a0\u00bb main_background_hover=\u00a0\u00bbrgba(255,255,255,0.01)\u00a0\u00bb icon_color=\u00a0\u00bb#ffffff\u00a0\u00bb icon_hover_color=\u00a0\u00bb#ffffff\u00a0\u00bb icon_background=\u00a0\u00bbrgba(255,255,255,0.01)\u00a0\u00bb icon_hover_background=\u00a0\u00bbrgba(255,255,255,0.01)\u00a0\u00bb icon_bg_size=\u00a0\u00bb120&Prime; icon_font_size=\u00a0\u00bb70&Prime;][dfd_spacer screen_wide_spacer_size=\u00a0\u00bb200&Prime; screen_normal_resolution=\u00a0\u00bb1024&Prime; screen_tablet_resolution=\u00a0\u00bb800&Prime; screen_mobile_resolution=\u00a0\u00bb480&Prime; screen_normal_spacer_size=\u00a0\u00bb200&Prime; screen_tablet_spacer_size=\u00a0\u00bb150&Prime; screen_mobile_spacer_size=\u00a0\u00bb60&Prime;][\/vc_column][vc_column width=\u00a0\u00bb1\/3&Prime; css=\u00a0\u00bb.vc_custom_1591341774807{padding-top: 60px !important;padding-right: 30px !important;padding-bottom: 60px !important;padding-left: 30px !important;background-color: #c7cd00 !important;}\u00a0\u00bb col_shadow=\u00a0\u00bbbox_shadow_enable:disable|shadow_horizontal:0|shadow_vertical:15|shadow_blur:50|shadow_spread:0|box_shadow_color:rgba(0%2C0%2C0%2C0.35)\u00a0\u00bb col_shadow_hover=\u00a0\u00bbbox_shadow_enable:disable|shadow_horizontal:0|shadow_vertical:15|shadow_blur:50|shadow_spread:0|box_shadow_color:rgba(0%2C0%2C0%2C0.35)\u00a0\u00bb][vc_column_text css=\u00a0\u00bb.vc_custom_1591701585195{padding-bottom: 20px !important;}\u00a0\u00bb]<\/p>\n<h2 class=\" \"><strong>PARC TRIASIQUE ET AQUARIUM TRIASIQUE<\/strong><\/h2>\n<p>[\/vc_column_text][vc_column_text]<\/p>\n<h2 class=\" \"><\/h2>\n<p class=\"\">Immergez-vous dans la mer triasique du Monte San Giorgio il y a 240 millions d&rsquo;ann\u00e9es et admirez de vos propres yeux les animaux et l&rsquo;environnement de cette \u00e9poque. Gr\u00e2ce aux nouvelles attractions en r\u00e9alit\u00e9 virtuelle et augment\u00e9e (VR\/AR), d\u00e9velopp\u00e9es en collaboration avec l&rsquo;universit\u00e9 professionnelle SUPSI, dans la salle immersive TRIASSIC PARK \u00e9quip\u00e9e de visionneuses Oculus de derni\u00e8re g\u00e9n\u00e9ration et au TRIASSIUM AQUARIUM un monde fantastique disparu depuis longtemps vous attend.<\/p>\n<p>[\/vc_column_text][\/vc_column][\/vc_row][vc_row][vc_column][dfd_spacer screen_wide_spacer_size=\u00a0\u00bb100&Prime; screen_normal_resolution=\u00a0\u00bb1024&Prime; screen_tablet_resolution=\u00a0\u00bb800&Prime; screen_mobile_resolution=\u00a0\u00bb480&Prime; screen_normal_spacer_size=\u00a0\u00bb80&Prime; screen_tablet_spacer_size=\u00a0\u00bb60&Prime; screen_mobile_spacer_size=\u00a0\u00bb60&Prime;][\/vc_column][\/vc_row][vc_row][vc_column dfd_column_responsive_enable=\u00a0\u00bbdfd-column-responsive-enable\u00a0\u00bb col_shadow=\u00a0\u00bbbox_shadow_enable:disable|shadow_horizontal:0|shadow_vertical:15|shadow_blur:50|shadow_spread:0|box_shadow_color:rgba(0%2C0%2C0%2C0.35)\u00a0\u00bb col_shadow_hover=\u00a0\u00bbbox_shadow_enable:disable|shadow_horizontal:0|shadow_vertical:15|shadow_blur:50|shadow_spread:0|box_shadow_color:rgba(0%2C0%2C0%2C0.35)\u00a0\u00bb responsive_styles=\u00a0\u00bbpadding_right_desktop:30|padding_right_tablet:30|padding_right_mobile:30&Prime;][dfd_icon_list icon_align=\u00a0\u00bbicon-right\u00a0\u00bb list_fields=\u00a0\u00bb%5B%7B%22icon_type%22%3A%22selector%22%2C%22select_icon%22%3A%22dfd_icons%22%2C%22ic_dfd_icons%22%3A%22dfd-socicon-arrow-right%22%2C%22text_content%22%3A%22Prochaine%20exp%C3%A9rience%22%2C%22link_box%22%3A%22link_b%22%2C%22link%22%3A%22url%3Ahttps%253A%252F%252Fwww.laregionedascoprire.ch%252Ffr%252Fnevere%252F%7C%7C%7C%22%7D%5D\u00a0\u00bb icon_border=\u00a0\u00bbborder_style:solid|border_top_width:2|border_bottom_width:2|border_left_width:2|border_right_width:2|border_radius:20|border_color:%23c7cd00&Prime; main_style=\u00a0\u00bbstyle-1&Prime; icon_size=\u00a0\u00bb20&Prime; icon_color=\u00a0\u00bb#c7cd00&Prime; icon_margin=\u00a0\u00bb15&Prime; font_options=\u00a0\u00bbtag:div|font_size:18|color:%23000000|letter_spacing:0&Prime; use_google_fonts=\u00a0\u00bbyes\u00a0\u00bb custom_fonts=\u00a0\u00bbfont_family:Montserrat%3Aregular%2C700|font_style:700%20bold%20regular%3A700%3Anormal\u00a0\u00bb tutorials=\u00a0\u00bb\u00a0\u00bb][\/vc_column][\/vc_row][vc_row][vc_column][dfd_spacer screen_wide_spacer_size=\u00a0\u00bb200&Prime; screen_normal_resolution=\u00a0\u00bb1024&Prime; screen_tablet_resolution=\u00a0\u00bb800&Prime; screen_mobile_resolution=\u00a0\u00bb480&Prime; screen_normal_spacer_size=\u00a0\u00bb150&Prime; screen_tablet_spacer_size=\u00a0\u00bb100&Prime; screen_mobile_spacer_size=\u00a0\u00bb100&Prime;][\/vc_column][\/vc_row]<\/p>\n<\/div>","protected":false},"excerpt":{"rendered":"<p>[vc_row dfd_row_config=\u00a0\u00bbfull_width_content\u00a0\u00bb css=\u00a0\u00bb.vc_custom_1591338633088{background-image: url(https:\/\/laregionedascoprire.ch\/wp-content\/uploads\/2020\/06\/laregionedascoprire_fossili_principale.jpg?id=28943) !important;background-position: center !important;background-repeat: no-repeat !important;background-size: cover !important;}\u00a0\u00bb][vc_column][dfd_spacer screen_wide_spacer_size=\u00a0\u00bb400&Prime; screen_normal_resolution=\u00a0\u00bb1200&Prime; screen_tablet_resolution=\u00a0\u00bb800&Prime; screen_mobile_resolution=\u00a0\u00bb480&Prime; screen_normal_spacer_size=\u00a0\u00bb200&Prime; screen_tablet_spacer_size=\u00a0\u00bb250&Prime; screen_mobile_spacer_size=\u00a0\u00bb120&Prime;][dfd_videoplayer title=\u00a0\u00bb\u00a0\u00bb subtitle=\u00a0\u00bb\u00a0\u00bb video_link=\u00a0\u00bbhttps:\/\/vimeo.com\/258787150&Prime; main_border=\u00a0\u00bbborder_style:solid|border_width:3|border_radius:60|border_color:%23ffffff\u00a0\u00bb main_border_hover=\u00a0\u00bbborder_style:solid|border_width:3|border_radius:60|border_color:%23ffffff\u00a0\u00bb main_style=\u00a0\u00bbstyle-2&Prime; main_background=\u00a0\u00bbrgba(255,255,255,0.01)\u00a0\u00bb main_background_hover=\u00a0\u00bbrgba(255,255,255,0.01)\u00a0\u00bb icon_color=\u00a0\u00bb#ffffff\u00a0\u00bb icon_hover_color=\u00a0\u00bb#ffffff\u00a0\u00bb icon_background=\u00a0\u00bbrgba(255,255,255,0.01)\u00a0\u00bb icon_hover_background=\u00a0\u00bbrgba(255,255,255,0.01)\u00a0\u00bb<\/p>\n","protected":false},"author":1,"featured_media":0,"parent":0,"menu_order":0,"comment_status":"closed","ping_status":"closed","template":"tmp-page.php","meta":{"inline_featured_image":false,"footnotes":""},"class_list":["post-29803","page","type-page","status-publish","hentry"],"yoast_head":"<!-- This site is optimized with the Yoast SEO plugin v26.9 - https:\/\/yoast.com\/product\/yoast-seo-wordpress\/ -->\n<title>mus\u00e9e des fossiles - La regione da scoprire<\/title>\n<meta name=\"description\" content=\"Un lieu qui raconte l&#039;histoire d&#039;une mer dont les souvenirs nous sont transmis par les d\u00e9couvertes de fossiles expos\u00e9s au mus\u00e9e des fossiles du Monte San Giorgio \u00e0 Meride.\" \/>\n<meta name=\"robots\" content=\"index, follow, max-snippet:-1, max-image-preview:large, max-video-preview:-1\" \/>\n<link rel=\"canonical\" href=\"https:\/\/www.laregionedascoprire.ch\/fr\/musee-des-fossiles\/\" \/>\n<meta property=\"og:locale\" content=\"fr_FR\" \/>\n<meta property=\"og:type\" content=\"article\" \/>\n<meta property=\"og:title\" content=\"mus\u00e9e des fossiles - La regione da scoprire\" \/>\n<meta property=\"og:description\" content=\"Un lieu qui raconte l&#039;histoire d&#039;une mer dont les souvenirs nous sont transmis par les d\u00e9couvertes de fossiles expos\u00e9s au mus\u00e9e des fossiles du Monte San Giorgio \u00e0 Meride.\" \/>\n<meta property=\"og:url\" content=\"https:\/\/www.laregionedascoprire.ch\/fr\/musee-des-fossiles\/\" \/>\n<meta property=\"og:site_name\" content=\"La regione da scoprire\" \/>\n<meta property=\"article:modified_time\" content=\"2020-07-02T12:12:53+00:00\" \/>\n<meta name=\"twitter:card\" content=\"summary_large_image\" \/>\n<meta name=\"twitter:label1\" content=\"Dur\u00e9e de lecture estim\u00e9e\" \/>\n\t<meta name=\"twitter:data1\" content=\"6 minutes\" \/>\n<script type=\"application\/ld+json\" class=\"yoast-schema-graph\">{\"@context\":\"https:\/\/schema.org\",\"@graph\":[{\"@type\":\"WebPage\",\"@id\":\"https:\/\/www.laregionedascoprire.ch\/fr\/musee-des-fossiles\/\",\"url\":\"https:\/\/www.laregionedascoprire.ch\/fr\/musee-des-fossiles\/\",\"name\":\"mus\u00e9e des fossiles - La regione da scoprire\",\"isPartOf\":{\"@id\":\"https:\/\/www.laregionedascoprire.ch\/fr\/#website\"},\"datePublished\":\"2020-06-30T09:36:15+00:00\",\"dateModified\":\"2020-07-02T12:12:53+00:00\",\"description\":\"Un lieu qui raconte l'histoire d'une mer dont les souvenirs nous sont transmis par les d\u00e9couvertes de fossiles expos\u00e9s au mus\u00e9e des fossiles du Monte San Giorgio \u00e0 Meride.\",\"breadcrumb\":{\"@id\":\"https:\/\/www.laregionedascoprire.ch\/fr\/musee-des-fossiles\/#breadcrumb\"},\"inLanguage\":\"fr-FR\",\"potentialAction\":[{\"@type\":\"ReadAction\",\"target\":[\"https:\/\/www.laregionedascoprire.ch\/fr\/musee-des-fossiles\/\"]}]},{\"@type\":\"BreadcrumbList\",\"@id\":\"https:\/\/www.laregionedascoprire.ch\/fr\/musee-des-fossiles\/#breadcrumb\",\"itemListElement\":[{\"@type\":\"ListItem\",\"position\":1,\"name\":\"Home\",\"item\":\"https:\/\/www.laregionedascoprire.ch\/fr\/\"},{\"@type\":\"ListItem\",\"position\":2,\"name\":\"mus\u00e9e des fossiles\"}]},{\"@type\":\"WebSite\",\"@id\":\"https:\/\/www.laregionedascoprire.ch\/fr\/#website\",\"url\":\"https:\/\/www.laregionedascoprire.ch\/fr\/\",\"name\":\"La regione da scoprire\",\"description\":\"Morsetta\",\"publisher\":{\"@id\":\"https:\/\/www.laregionedascoprire.ch\/fr\/#organization\"},\"potentialAction\":[{\"@type\":\"SearchAction\",\"target\":{\"@type\":\"EntryPoint\",\"urlTemplate\":\"https:\/\/www.laregionedascoprire.ch\/fr\/?s={search_term_string}\"},\"query-input\":{\"@type\":\"PropertyValueSpecification\",\"valueRequired\":true,\"valueName\":\"search_term_string\"}}],\"inLanguage\":\"fr-FR\"},{\"@type\":\"Organization\",\"@id\":\"https:\/\/www.laregionedascoprire.ch\/fr\/#organization\",\"name\":\"laregionedascoprire\",\"url\":\"https:\/\/www.laregionedascoprire.ch\/fr\/\",\"logo\":{\"@type\":\"ImageObject\",\"inLanguage\":\"fr-FR\",\"@id\":\"https:\/\/www.laregionedascoprire.ch\/fr\/#\/schema\/logo\/image\/\",\"url\":\"https:\/\/www.laregionedascoprire.ch\/wp-content\/uploads\/2020\/06\/morsetta_logo.png\",\"contentUrl\":\"https:\/\/www.laregionedascoprire.ch\/wp-content\/uploads\/2020\/06\/morsetta_logo.png\",\"width\":145,\"height\":208,\"caption\":\"laregionedascoprire\"},\"image\":{\"@id\":\"https:\/\/www.laregionedascoprire.ch\/fr\/#\/schema\/logo\/image\/\"}}]}<\/script>\n<!-- \/ Yoast SEO plugin. -->","yoast_head_json":{"title":"mus\u00e9e des fossiles - La regione da scoprire","description":"Un lieu qui raconte l'histoire d'une mer dont les souvenirs nous sont transmis par les d\u00e9couvertes de fossiles expos\u00e9s au mus\u00e9e des fossiles du Monte San Giorgio \u00e0 Meride.","robots":{"index":"index","follow":"follow","max-snippet":"max-snippet:-1","max-image-preview":"max-image-preview:large","max-video-preview":"max-video-preview:-1"},"canonical":"https:\/\/www.laregionedascoprire.ch\/fr\/musee-des-fossiles\/","og_locale":"fr_FR","og_type":"article","og_title":"mus\u00e9e des fossiles - La regione da scoprire","og_description":"Un lieu qui raconte l'histoire d'une mer dont les souvenirs nous sont transmis par les d\u00e9couvertes de fossiles expos\u00e9s au mus\u00e9e des fossiles du Monte San Giorgio \u00e0 Meride.","og_url":"https:\/\/www.laregionedascoprire.ch\/fr\/musee-des-fossiles\/","og_site_name":"La regione da scoprire","article_modified_time":"2020-07-02T12:12:53+00:00","twitter_card":"summary_large_image","twitter_misc":{"Dur\u00e9e de lecture estim\u00e9e":"6 minutes"},"schema":{"@context":"https:\/\/schema.org","@graph":[{"@type":"WebPage","@id":"https:\/\/www.laregionedascoprire.ch\/fr\/musee-des-fossiles\/","url":"https:\/\/www.laregionedascoprire.ch\/fr\/musee-des-fossiles\/","name":"mus\u00e9e des fossiles - La regione da scoprire","isPartOf":{"@id":"https:\/\/www.laregionedascoprire.ch\/fr\/#website"},"datePublished":"2020-06-30T09:36:15+00:00","dateModified":"2020-07-02T12:12:53+00:00","description":"Un lieu qui raconte l'histoire d'une mer dont les souvenirs nous sont transmis par les d\u00e9couvertes de fossiles expos\u00e9s au mus\u00e9e des fossiles du Monte San Giorgio \u00e0 Meride.","breadcrumb":{"@id":"https:\/\/www.laregionedascoprire.ch\/fr\/musee-des-fossiles\/#breadcrumb"},"inLanguage":"fr-FR","potentialAction":[{"@type":"ReadAction","target":["https:\/\/www.laregionedascoprire.ch\/fr\/musee-des-fossiles\/"]}]},{"@type":"BreadcrumbList","@id":"https:\/\/www.laregionedascoprire.ch\/fr\/musee-des-fossiles\/#breadcrumb","itemListElement":[{"@type":"ListItem","position":1,"name":"Home","item":"https:\/\/www.laregionedascoprire.ch\/fr\/"},{"@type":"ListItem","position":2,"name":"mus\u00e9e des fossiles"}]},{"@type":"WebSite","@id":"https:\/\/www.laregionedascoprire.ch\/fr\/#website","url":"https:\/\/www.laregionedascoprire.ch\/fr\/","name":"La regione da scoprire","description":"Morsetta","publisher":{"@id":"https:\/\/www.laregionedascoprire.ch\/fr\/#organization"},"potentialAction":[{"@type":"SearchAction","target":{"@type":"EntryPoint","urlTemplate":"https:\/\/www.laregionedascoprire.ch\/fr\/?s={search_term_string}"},"query-input":{"@type":"PropertyValueSpecification","valueRequired":true,"valueName":"search_term_string"}}],"inLanguage":"fr-FR"},{"@type":"Organization","@id":"https:\/\/www.laregionedascoprire.ch\/fr\/#organization","name":"laregionedascoprire","url":"https:\/\/www.laregionedascoprire.ch\/fr\/","logo":{"@type":"ImageObject","inLanguage":"fr-FR","@id":"https:\/\/www.laregionedascoprire.ch\/fr\/#\/schema\/logo\/image\/","url":"https:\/\/www.laregionedascoprire.ch\/wp-content\/uploads\/2020\/06\/morsetta_logo.png","contentUrl":"https:\/\/www.laregionedascoprire.ch\/wp-content\/uploads\/2020\/06\/morsetta_logo.png","width":145,"height":208,"caption":"laregionedascoprire"},"image":{"@id":"https:\/\/www.laregionedascoprire.ch\/fr\/#\/schema\/logo\/image\/"}}]}},"_links":{"self":[{"href":"https:\/\/www.laregionedascoprire.ch\/fr\/wp-json\/wp\/v2\/pages\/29803","targetHints":{"allow":["GET"]}}],"collection":[{"href":"https:\/\/www.laregionedascoprire.ch\/fr\/wp-json\/wp\/v2\/pages"}],"about":[{"href":"https:\/\/www.laregionedascoprire.ch\/fr\/wp-json\/wp\/v2\/types\/page"}],"author":[{"embeddable":true,"href":"https:\/\/www.laregionedascoprire.ch\/fr\/wp-json\/wp\/v2\/users\/1"}],"replies":[{"embeddable":true,"href":"https:\/\/www.laregionedascoprire.ch\/fr\/wp-json\/wp\/v2\/comments?post=29803"}],"version-history":[{"count":3,"href":"https:\/\/www.laregionedascoprire.ch\/fr\/wp-json\/wp\/v2\/pages\/29803\/revisions"}],"predecessor-version":[{"id":29942,"href":"https:\/\/www.laregionedascoprire.ch\/fr\/wp-json\/wp\/v2\/pages\/29803\/revisions\/29942"}],"wp:attachment":[{"href":"https:\/\/www.laregionedascoprire.ch\/fr\/wp-json\/wp\/v2\/media?parent=29803"}],"curies":[{"name":"wp","href":"https:\/\/api.w.org\/{rel}","templated":true}]}}